{"id":375,"date":"2021-09-04T17:39:56","date_gmt":"2021-09-04T17:39:56","guid":{"rendered":"https:\/\/eddiemora.com\/?page_id=375"},"modified":"2021-09-04T17:58:53","modified_gmt":"2021-09-04T17:58:53","slug":"organizacion","status":"publish","type":"page","link":"https:\/\/eddiemora.com\/en\/organizacion\/","title":{"rendered":"Organization"},"content":{"rendered":"<div data-elementor-type=\"wp-page\" data-elementor-id=\"375\" class=\"elementor elementor-375\" data-elementor-post-type=\"page\">\n\t\t\t\t\t\t<section class=\"elementor-section elementor-top-section elementor-element elementor-element-65009c05 elementor-section-boxed elementor-section-height-default elementor-section-height-default\" data-id=\"65009c05\" data-element_type=\"section\" data-settings=\"{&quot;background_background&quot;:&quot;classic&quot;}\">\n\t\t\t\t\t\t\t<div class=\"elementor-background-overlay\"><\/div>\n\t\t\t\t\t\t\t<div class=\"elementor-container elementor-column-gap-default\">\n\t\t\t\t\t<div class=\"elementor-column elementor-col-50 elementor-top-column elementor-element elementor-element-2520b1d4\" data-id=\"2520b1d4\" data-element_type=\"column\">\n\t\t\t<div class=\"elementor-widget-wrap elementor-element-populated\">\n\t\t\t\t\t\t<div class=\"elementor-element elementor-element-01c4302 elementor-widget elementor-widget-heading\" data-id=\"01c4302\" data-element_type=\"widget\" data-widget_type=\"heading.default\">\n\t\t\t\t<div class=\"elementor-widget-container\">\n\t\t\t\t\t<h2 class=\"elementor-heading-title elementor-size-default\">Asociaci\u00f3n Sinf\u00f3nica <br> de Heredia<\/h2>\t\t\t\t<\/div>\n\t\t\t\t<\/div>\n\t\t\t\t<div class=\"elementor-element elementor-element-23dcedbc elementor-widget elementor-widget-text-editor\" data-id=\"23dcedbc\" data-element_type=\"widget\" data-widget_type=\"text-editor.default\">\n\t\t\t\t<div class=\"elementor-widget-container\">\n\t\t\t\t\t\t\t\t\t<div><h3><strong>Junta Directiva<\/strong><\/h3><\/div><div><p class=\"Cuerpodetexto\">Omar Brenes Arroyo\u00a0<b>| Presidente<\/b><br \/>Marvin Camacho Villegas\u00a0<b>| Vicepresidente<\/b><br \/>Caterina Tellini Neveu\u00a0<b>| Tesorera<\/b><br \/>Alejandro Cardona Ducas\u00a0<b>| Vocal<\/b><br \/>Hilda Mar\u00eda Barquero Vargas\u00a0<b>| Fiscal<\/b><\/p><h3 class=\"Cuerpodetexto\"><strong>Director\u00a0Titular<\/strong><\/h3><p>Eddie Mora Berm\u00fadez<\/p><p class=\"Cuerpodetexto\"><strong>Personal<\/strong><\/p><p class=\"Cuerpodetexto\">Ricardo Jos\u00e9 Chaves Cordero\u00a0<b>| Coordinador General<\/b><br \/>Jackie Mel\u00e9ndez Quesada\u00a0<b>| Asistente Administrativa<\/b><br \/>Sigrid\u00a0Ag\u00fcero Rodr\u00edguez<b>\u00a0<\/b><b>| Biblioteca<\/b><br \/>Monserrat Cordero Parra \u00a0<b>| Comunicaci\u00f3n<br \/><\/b>Jorge N\u00e1jera Conejo<b>\u00a0 | Jefe T\u00e9cnico<\/b><b><br \/><\/b>Carlos Mora Z\u00fa\u00f1iga | Gustavo Sequeira M\u00e9ndez | Mario Fonseca Arce\u00a0<b>| Utiler\u00eda\u00a0<\/b><\/p><\/div>\t\t\t\t\t\t\t\t<\/div>\n\t\t\t\t<\/div>\n\t\t\t\t\t<\/div>\n\t\t<\/div>\n\t\t\t\t<div class=\"elementor-column elementor-col-50 elementor-top-column elementor-element elementor-element-3f92abf4\" data-id=\"3f92abf4\" data-element_type=\"column\">\n\t\t\t<div class=\"elementor-widget-wrap elementor-element-populated\">\n\t\t\t\t\t\t<div class=\"elementor-element elementor-element-1f46ad21 elementor-widget elementor-widget-image\" data-id=\"1f46ad21\" data-element_type=\"widget\" data-widget_type=\"image.default\">\n\t\t\t\t<div class=\"elementor-widget-container\">\n\t\t\t\t\t\t\t\t\t\t\t\t\t\t\t<img fetchpriority=\"high\" decoding=\"async\" width=\"800\" height=\"499\" src=\"https:\/\/eddiemora.com\/wp-content\/uploads\/2021\/09\/DSC_1324-Pablo-Cambronero-copy-1024x639.jpg\" class=\"attachment-large size-large wp-image-382\" alt=\"\" srcset=\"https:\/\/eddiemora.com\/wp-content\/uploads\/2021\/09\/DSC_1324-Pablo-Cambronero-copy-1024x639.jpg 1024w, https:\/\/eddiemora.com\/wp-content\/uploads\/2021\/09\/DSC_1324-Pablo-Cambronero-copy-300x187.jpg 300w, https:\/\/eddiemora.com\/wp-content\/uploads\/2021\/09\/DSC_1324-Pablo-Cambronero-copy-768x479.jpg 768w, https:\/\/eddiemora.com\/wp-content\/uploads\/2021\/09\/DSC_1324-Pablo-Cambronero-copy.jpg 1189w\" sizes=\"(max-width: 800px) 100vw, 800px\" \/>\t\t\t\t\t\t\t\t\t\t\t\t\t\t\t<\/div>\n\t\t\t\t<\/div>\n\t\t\t\t\t<\/div>\n\t\t<\/div>\n\t\t\t\t\t<\/div>\n\t\t<\/section>\n\t\t\t\t<\/div>","protected":false},"excerpt":{"rendered":"<p>Asociaci\u00f3n Sinf\u00f3nica de Heredia Junta Directiva Omar Brenes Arroyo\u00a0| PresidenteMarvin Camacho Villegas\u00a0| VicepresidenteCaterina Tellini Neveu\u00a0| TesoreraAlejandro Cardona Ducas\u00a0| VocalHilda Mar\u00eda Barquero Vargas\u00a0| Fiscal Director\u00a0Titular Eddie Mora Berm\u00fadez Personal Ricardo Jos\u00e9 Chaves Cordero\u00a0| Coordinador GeneralJackie Mel\u00e9ndez Quesada\u00a0| Asistente AdministrativaSigrid\u00a0Ag\u00fcero Rodr\u00edguez\u00a0| BibliotecaMonserrat Cordero Parra \u00a0| Comunicaci\u00f3nJorge N\u00e1jera Conejo\u00a0 | Jefe T\u00e9cnicoCarlos Mora Z\u00fa\u00f1iga | Gustavo Sequeira M\u00e9ndez [&hellip;]<\/p>","protected":false},"author":1,"featured_media":0,"parent":0,"menu_order":0,"comment_status":"closed","ping_status":"closed","template":"","meta":{"footnotes":""},"class_list":["post-375","page","type-page","status-publish","hentry"],"_links":{"self":[{"href":"https:\/\/eddiemora.com\/en\/wp-json\/wp\/v2\/pages\/375","targetHints":{"allow":["GET"]}}],"collection":[{"href":"https:\/\/eddiemora.com\/en\/wp-json\/wp\/v2\/pages"}],"about":[{"href":"https:\/\/eddiemora.com\/en\/wp-json\/wp\/v2\/types\/page"}],"author":[{"embeddable":true,"href":"https:\/\/eddiemora.com\/en\/wp-json\/wp\/v2\/users\/1"}],"replies":[{"embeddable":true,"href":"https:\/\/eddiemora.com\/en\/wp-json\/wp\/v2\/comments?post=375"}],"version-history":[{"count":0,"href":"https:\/\/eddiemora.com\/en\/wp-json\/wp\/v2\/pages\/375\/revisions"}],"wp:attachment":[{"href":"https:\/\/eddiemora.com\/en\/wp-json\/wp\/v2\/media?parent=375"}],"curies":[{"name":"wp","href":"https:\/\/api.w.org\/{rel}","templated":true}]}}