{"id":815,"date":"2022-01-27T10:19:46","date_gmt":"2022-01-27T10:19:46","guid":{"rendered":"https:\/\/eddiemora.com\/?page_id=815"},"modified":"2026-02-07T18:38:38","modified_gmt":"2026-02-07T18:38:38","slug":"catalogo","status":"publish","type":"page","link":"https:\/\/eddiemora.com\/en\/catalogo\/","title":{"rendered":"Catalogue"},"content":{"rendered":"<div data-elementor-type=\"wp-page\" data-elementor-id=\"815\" class=\"elementor elementor-815\" data-elementor-post-type=\"page\">\n\t\t\t\t\t\t<section class=\"elementor-section elementor-top-section elementor-element elementor-element-f9c8249 elementor-section-boxed elementor-section-height-default elementor-section-height-default\" data-id=\"f9c8249\" data-element_type=\"section\">\n\t\t\t\t\t\t<div class=\"elementor-container elementor-column-gap-default\">\n\t\t\t\t\t<div class=\"elementor-column elementor-col-100 elementor-top-column elementor-element elementor-element-4452c1f\" data-id=\"4452c1f\" data-element_type=\"column\">\n\t\t\t<div class=\"elementor-widget-wrap elementor-element-populated\">\n\t\t\t\t\t\t<div class=\"elementor-element elementor-element-46a797c elementor-widget elementor-widget-text-editor\" data-id=\"46a797c\" data-element_type=\"widget\" data-widget_type=\"text-editor.default\">\n\t\t\t\t<div class=\"elementor-widget-container\">\n\t\t\t\t\t\t\t\t\t<h1>Catalogue<\/h1>\t\t\t\t\t\t\t\t<\/div>\n\t\t\t\t<\/div>\n\t\t\t\t\t<\/div>\n\t\t<\/div>\n\t\t\t\t\t<\/div>\n\t\t<\/section>\n\t\t\t\t<section class=\"elementor-section elementor-top-section elementor-element elementor-element-4350f97d elementor-section-boxed elementor-section-height-default elementor-section-height-default\" data-id=\"4350f97d\" data-element_type=\"section\">\n\t\t\t\t\t\t<div class=\"elementor-container elementor-column-gap-default\">\n\t\t\t\t\t<div class=\"elementor-column elementor-col-100 elementor-top-column elementor-element elementor-element-481366a8\" data-id=\"481366a8\" data-element_type=\"column\">\n\t\t\t<div class=\"elementor-widget-wrap elementor-element-populated\">\n\t\t\t\t\t\t<div class=\"elementor-element elementor-element-84cebbe elementor-widget__width-initial elementor-widget elementor-widget-accordion\" data-id=\"84cebbe\" data-element_type=\"widget\" data-allow-toggle=\"\" data-widget_type=\"accordion.default\">\n\t\t\t\t<div class=\"elementor-widget-container\">\n\t\t\t\t\t\t\t<div class=\"elementor-accordion\">\n\t\t\t\t\t\t\t<div class=\"elementor-accordion-item\">\n\t\t\t\t\t<div id=\"elementor-tab-title-1391\" class=\"elementor-tab-title\" data-tab=\"1\" role=\"button\" aria-controls=\"elementor-tab-content-1391\" aria-expanded=\"false\">\n\t\t\t\t\t\t\t\t\t\t\t\t\t<span class=\"elementor-accordion-icon elementor-accordion-icon-left\" aria-hidden=\"true\">\n\t\t\t\t\t\t\t\t\t\t\t\t\t\t\t<span class=\"elementor-accordion-icon-closed\"><i class=\"fas fa-plus\"><\/i><\/span>\n\t\t\t\t\t\t\t\t<span class=\"elementor-accordion-icon-opened\"><i class=\"fas fa-minus\"><\/i><\/span>\n\t\t\t\t\t\t\t\t\t\t\t\t\t\t<\/span>\n\t\t\t\t\t\t\t\t\t\t\t\t<a class=\"elementor-accordion-title\" tabindex=\"0\">Large assemblies<\/a>\n\t\t\t\t\t<\/div>\n\t\t\t\t\t<div id=\"elementor-tab-content-1391\" class=\"elementor-tab-content elementor-clearfix\" data-tab=\"1\" role=\"region\" aria-labelledby=\"elementor-tab-title-1391\"><p>\u00a0<\/p><table width=\"100%\"><tbody><tr><th valign=\"top\">TITLE<\/th><th valign=\"top\">INSTRUMENTS<\/th><\/tr><tr><td valign=\"top\u201d\">Luz y penumbra (2026)<\/td><td valign=\"top\u201d\">Orquesta de cuerdas<\/td><\/tr><tr><td valign=\"top\u201d\">Ecos del Guernica (2025)<\/td><td valign=\"top\u201d\">Orquesta sinf\u00f3nica<\/td><\/tr><tr><td valign=\"top\u201d\">Una mirada al Guernica II (2025)<\/td><td valign=\"top\u201d\">Ensamble mixto. flauta\/piccolo, clarinete, clarinete bajo, marimba, vibr\u00e1fono, percusi\u00f3n y quinteto de cuerdas<\/td><\/tr><tr><td valign=\"top\u201d\">Dos piezas guanacastecas (2024) &#8211;<br \/>Serenata Rom\u00e1ntica (A. Guevara) y Caballito Nicoyano (M. Chac\u00f3n)<\/td><td valign=\"top\u201d\">Voz, percusi\u00f3n (2) y orquesta de cuerdas<\/td><\/tr><tr><td valign=\"top\u201d\">Una mirada al Guernica I (2024)<\/td><td valign=\"top\u201d\">Ensamble mixto. flauta\/piccolo, clarinete bajo, guitarra, acorde\u00f3n, percusi\u00f3n y cuerdas<\/td><\/tr><tr><td valign=\"top\u201d\">Casandra (2024)<\/td><td valign=\"top\u201d\">Banda sinf\u00f3nica<\/td><\/tr><tr><td valign=\"top\u201d\">El hilo de Ariadna \u2013 I. Ariadna II. Teseo III. Minotauro (2023)<\/td><td valign=\"top\u201d\">orquesta sinf\u00f3nica<\/td><\/tr><tr><td valign=\"top\u201d\">Laberintos II (2023)<\/td><td valign=\"top\u201d\">viola solista y cuerdas<\/td><\/tr><tr><td valign=\"top\u201d\">Cuatro Haikus (2022) &#8211; I. el ruido del agua<br \/>II. otro es mi sue\u00f1o<br \/>III. el ruise\u00f1or no sabe<br \/>IV. esa luz que se apaga para canto y orquesta de c\u00e1mara (Textos: S. Matsuoka y J. L. Borges)<\/td><td valign=\"top\u201d\">canto y orquesta de c\u00e1mara<\/td><\/tr><tr><td valign=\"top\u201d\">El laberinto del Minotauro (2023)<\/td><td valign=\"top\u201d\">violonchelo solista y cuerdas<\/td><\/tr><tr><td valign=\"top\u201d\">Lux Nova (2021)<\/td><td valign=\"top\u201d\">acorde\u00f3n, guitarra solistas y cuerdas<\/td><\/tr><tr><td valign=\"top\u201d\">Homenaje a Ligeti (2021)<\/td><td valign=\"top\u201d\">guitarra solista y cuerdas<\/td><\/tr><tr><td valign=\"top\u201d\">El ruido del agua (2020)<\/td><td valign=\"top\u201d\">orquesta sinf\u00f3nica<\/td><\/tr><tr><td valign=\"top\">La voz del ave (2019)<\/td><td valign=\"top\">percusi\u00f3n solista (5), ensamble de vientos, arpa, piano y contrabajo<\/td><\/tr><tr><td valign=\"top\">Tres\u00a0<a href=\"https:\/\/eddiemora.com\/en\/haikus-ficha-tecnica\/\">Haikus<\/a>\u00a0(2018)<br \/>I. otro es mi sue\u00f1o<br \/>II. el ruise\u00f1or no sabe<br \/>III.\u00a0esa luz que se apaga<\/td><td valign=\"top\">orquesta\u00a0sinf\u00f3nica y canto (Texto: J. L. Borges)<\/td><\/tr><tr><td valign=\"top\">Sine nomine \u00a0(2017)<\/td><td valign=\"top\">flauta solista (C \u2013 G) y quince instrumentistas<\/td><\/tr><tr><td valign=\"top\">Ofrenda\u00a0(2017)<\/td><td valign=\"top\">orquesta\u00a0sinf\u00f3nica<\/td><\/tr><tr><td valign=\"top\">Ritual urbano (2016)<\/td><td valign=\"top\">ensamble de percusi\u00f3n solista, bajo el\u00e9ctrico, piano, arpa, cuerdas<\/td><\/tr><tr><td valign=\"top\">Canto\u00a0(2016)<\/td><td valign=\"top\">oboe solista, orquesta de c\u00e1mara<\/td><\/tr><tr><td valign=\"top\"><a href=\"https:\/\/eddiemora.com\/en\/desde-la-tierra-que-habito-ficha-tecnica\/\">Desde la tierra que habito<\/a>\u00a0(2015)<\/td><td valign=\"top\">orquesta de c\u00e1mara<\/td><\/tr><tr><td valign=\"top\"><a href=\"https:\/\/eddiemora.com\/en\/monologo-ficha-tecnica\/\">Mon\u00f3logo<\/a>\u00a0(2015)<\/td><td valign=\"top\">viol\u00edn solista, orquesta de c\u00e1mara<\/td><\/tr><tr><td valign=\"\"><a href=\"https:\/\/eddiemora.com\/en\/plegaria-ficha-tecnica\/\">Plegaria<\/a>\u00a0(2014)<\/td><td valign=\"top\">cuarteto de cuerdas solista, cuerdas, percusi\u00f3n<\/td><\/tr><tr><td valign=\"top\">Caminos de piedra (2012)<\/td><td valign=\"top\">piano solista, cuerdas, percusi\u00f3n<\/td><\/tr><tr><td valign=\"top\"><a href=\"https:\/\/eddiemora.com\/en\/los-caminos-de-la-noche-ficha-tecnica\/\">Los caminos de la noche<\/a>\u00a0(2012)<\/td><td valign=\"top\">orquesta\u00a0sinf\u00f3nica<\/td><\/tr><tr><td valign=\"top\">Ye\u00b4 Sul\u00e9 II (2011)<\/td><td valign=\"top\">ensamble de vientos, arpa, piano, percusi\u00f3n<\/td><\/tr><tr><td valign=\"top\">\u00bfQui\u00e9n amanece?<\/td><td valign=\"top\">flaut\u00edn solo\/ocarinas, orquesta de cuerdas<\/td><\/tr><tr><td valign=\"top\">Atisbo a JRM (2011)<\/td><td valign=\"top\">cuerdas, tres percusionistas<\/td><\/tr><tr><td valign=\"top\">Sula\u00b4 (2010)<\/td><td valign=\"top\">viola\u00a0y\u00a0piano solistas, cuerdas, percusi\u00f3n<\/td><\/tr><tr><td valign=\"top\">La ascensi\u00f3n de Remedios, la bella\u2026<\/td><td valign=\"top\">orquesta\u00a0sinf\u00f3nica<\/td><\/tr><tr><td valign=\"top\">Silencio V (2007)<\/td><td valign=\"top\">viol\u00edn solista, ensamble de vientos, piano, arpa, percusi\u00f3n<\/td><\/tr><tr><td valign=\"top\">Concierto Cornell (2007)<\/td><td valign=\"top\">cuarteto de saxofones, ensamble de vientos, piano, arpa, percusi\u00f3n<\/td><\/tr><tr><td valign=\"top\">Retrato V (2005)\u00a0(adap. del Cuarteto I)<\/td><td valign=\"top\">orquesta de cuerdas<\/td><\/tr><tr><td valign=\"top\">Concierto\u00a0\u201cAmighetti\u00bb<br \/>I. Quasi una passacaglia<br \/>II. M\u00e1scaras<br \/>III. Procesi\u00f3n<br \/>IV. Juegos<\/td><td valign=\"top\">cuerdas, piano, arpa, percusi\u00f3n<\/td><\/tr><tr><td valign=\"top\">Tres piezas para banda (Suite Ausencia | 1998)<\/td><td valign=\"top\">ensamble de vientos, piano, percusi\u00f3n<\/td><\/tr><tr><td valign=\"top\">Concierto para cuerdas\u00a0I \u2013 II \u2013 III<\/td><td valign=\"top\">cuerdas<\/td><\/tr><tr><td valign=\"top\">Cantata\u00a0I \u2013 II \u2013 III \u2013 IV \u2013 V \u2013 VI \u2013 VII<\/td><td valign=\"top\">coro de ni\u00f1os\/voz, orquesta de c\u00e1mara<\/td><\/tr><\/tbody><\/table><\/div>\n\t\t\t\t<\/div>\n\t\t\t\t\t\t\t<div class=\"elementor-accordion-item\">\n\t\t\t\t\t<div id=\"elementor-tab-title-1392\" class=\"elementor-tab-title\" data-tab=\"2\" role=\"button\" aria-controls=\"elementor-tab-content-1392\" aria-expanded=\"false\">\n\t\t\t\t\t\t\t\t\t\t\t\t\t<span class=\"elementor-accordion-icon elementor-accordion-icon-left\" aria-hidden=\"true\">\n\t\t\t\t\t\t\t\t\t\t\t\t\t\t\t<span class=\"elementor-accordion-icon-closed\"><i class=\"fas fa-plus\"><\/i><\/span>\n\t\t\t\t\t\t\t\t<span class=\"elementor-accordion-icon-opened\"><i class=\"fas fa-minus\"><\/i><\/span>\n\t\t\t\t\t\t\t\t\t\t\t\t\t\t<\/span>\n\t\t\t\t\t\t\t\t\t\t\t\t<a class=\"elementor-accordion-title\" tabindex=\"0\">Large assemblies<\/a>\n\t\t\t\t\t<\/div>\n\t\t\t\t\t<div id=\"elementor-tab-content-1392\" class=\"elementor-tab-content elementor-clearfix\" data-tab=\"2\" role=\"region\" aria-labelledby=\"elementor-tab-title-1392\"><p>\u00a0<\/p><table width=\"100%\"><tbody><tr><th valign=\"top\">TITLE<\/th><th valign=\"top\">INSTRUMENTS<\/th><\/tr><tr><td valign=\"top\u201d\">Ecos del Guernica (2025)<\/td><td valign=\"top\u201d\">Orquesta sinf\u00f3nica<\/td><\/tr><tr><td valign=\"top\u201d\">Una mirada al Guernica II (2025)<\/td><td valign=\"top\u201d\">Ensamble mixto. flauta\/piccolo, clarinete, clarinete bajo, marimba, vibr\u00e1fono, percusi\u00f3n y quinteto de cuerdas<\/td><\/tr><tr><td valign=\"top\u201d\">Dos piezas guanacastecas (2024) &#8211;<br \/>Serenata Rom\u00e1ntica (A. Guevara) y Caballito Nicoyano (M. Chac\u00f3n)<\/td><td valign=\"top\u201d\">Voz, percusi\u00f3n (2) y orquesta de cuerdas<\/td><\/tr><tr><td valign=\"top\u201d\">Una mirada al Guernica I (2024)<\/td><td valign=\"top\u201d\">Ensamble mixto. flauta\/piccolo, clarinete bajo, guitarra, acorde\u00f3n, percusi\u00f3n y cuerdas<\/td><\/tr><tr><td valign=\"top\u201d\">Casandra (2024)<\/td><td valign=\"top\u201d\">Banda sinf\u00f3nica<\/td><\/tr><tr><td valign=\"top\u201d\">El hilo de Ariadna \u2013 I. Ariadna II. Teseo III. Minotauro (2023)<\/td><td valign=\"top\u201d\">orquesta sinf\u00f3nica<\/td><\/tr><tr><td valign=\"top\u201d\">Laberintos II (2023)<\/td><td valign=\"top\u201d\">viola solista y cuerdas<\/td><\/tr><tr><td valign=\"top\u201d\">Cuatro Haikus (2022) &#8211; I. el ruido del agua<br \/>II. otro es mi sue\u00f1o<br \/>III. el ruise\u00f1or no sabe<br \/>IV. esa luz que se apaga para canto y orquesta de c\u00e1mara (Textos: S. Matsuoka y J. L. Borges)<\/td><td valign=\"top\u201d\">canto y orquesta de c\u00e1mara<\/td><\/tr><tr><td valign=\"top\u201d\">El laberinto del Minotauro (2023)<\/td><td valign=\"top\u201d\">violonchelo solista y cuerdas<\/td><\/tr><tr><td valign=\"top\u201d\">Lux Nova (2021)<\/td><td valign=\"top\u201d\">acorde\u00f3n, guitarra solistas y cuerdas<\/td><\/tr><tr><td valign=\"top\u201d\">Homenaje a Ligeti (2021)<\/td><td valign=\"top\u201d\">guitarra solista y cuerdas<\/td><\/tr><tr><td valign=\"top\u201d\">El ruido del agua (2020)<\/td><td valign=\"top\u201d\">orquesta sinf\u00f3nica<\/td><\/tr><tr><td valign=\"top\">La voz del ave (2019)<\/td><td valign=\"top\">percusi\u00f3n solista (5), ensamble de vientos, arpa, piano y contrabajo<\/td><\/tr><tr><td valign=\"top\">Tres\u00a0<a href=\"https:\/\/eddiemora.com\/en\/haikus-ficha-tecnica\/\">Haikus<\/a>\u00a0(2018)<br \/>I. otro es mi sue\u00f1o<br \/>II. el ruise\u00f1or no sabe<br \/>III.\u00a0esa luz que se apaga<\/td><td valign=\"top\">orquesta\u00a0sinf\u00f3nica y canto (Texto: J. L. Borges)<\/td><\/tr><tr><td valign=\"top\">Sine nomine \u00a0(2017)<\/td><td valign=\"top\">flauta solista (C \u2013 G) y quince instrumentistas<\/td><\/tr><tr><td valign=\"top\">Ofrenda\u00a0(2017)<\/td><td valign=\"top\">orquesta\u00a0sinf\u00f3nica<\/td><\/tr><tr><td valign=\"top\">Ritual urbano (2016)<\/td><td valign=\"top\">ensamble de percusi\u00f3n solista, bajo el\u00e9ctrico, piano, arpa, cuerdas<\/td><\/tr><tr><td valign=\"top\">Canto\u00a0(2016)<\/td><td valign=\"top\">oboe solista, orquesta de c\u00e1mara<\/td><\/tr><tr><td valign=\"top\"><a href=\"https:\/\/eddiemora.com\/en\/desde-la-tierra-que-habito-ficha-tecnica\/\">Desde la tierra que habito<\/a>\u00a0(2015)<\/td><td valign=\"top\">orquesta de c\u00e1mara<\/td><\/tr><tr><td valign=\"top\"><a href=\"https:\/\/eddiemora.com\/en\/monologo-ficha-tecnica\/\">Mon\u00f3logo<\/a>\u00a0(2015)<\/td><td valign=\"top\">viol\u00edn solista, orquesta de c\u00e1mara<\/td><\/tr><tr><td valign=\"\"><a href=\"https:\/\/eddiemora.com\/en\/plegaria-ficha-tecnica\/\">Plegaria<\/a>\u00a0(2014)<\/td><td valign=\"top\">cuarteto de cuerdas solista, cuerdas, percusi\u00f3n<\/td><\/tr><tr><td valign=\"top\">Caminos de piedra (2012)<\/td><td valign=\"top\">piano solista, cuerdas, percusi\u00f3n<\/td><\/tr><tr><td valign=\"top\"><a href=\"https:\/\/eddiemora.com\/en\/los-caminos-de-la-noche-ficha-tecnica\/\">Los caminos de la noche<\/a>\u00a0(2012)<\/td><td valign=\"top\">orquesta\u00a0sinf\u00f3nica<\/td><\/tr><tr><td valign=\"top\">Ye\u00b4 Sul\u00e9 II (2011)<\/td><td valign=\"top\">ensamble de vientos, arpa, piano, percusi\u00f3n<\/td><\/tr><tr><td valign=\"top\">\u00bfQui\u00e9n amanece?<\/td><td valign=\"top\">flaut\u00edn solo\/ocarinas, orquesta de cuerdas<\/td><\/tr><tr><td valign=\"top\">Atisbo a JRM (2011)<\/td><td valign=\"top\">cuerdas, tres percusionistas<\/td><\/tr><tr><td valign=\"top\">Sula\u00b4 (2010)<\/td><td valign=\"top\">viola\u00a0y\u00a0piano solistas, cuerdas, percusi\u00f3n<\/td><\/tr><tr><td valign=\"top\">La ascensi\u00f3n de Remedios, la bella\u2026<\/td><td valign=\"top\">orquesta\u00a0sinf\u00f3nica<\/td><\/tr><tr><td valign=\"top\">Silencio V (2007)<\/td><td valign=\"top\">viol\u00edn solista, ensamble de vientos, piano, arpa, percusi\u00f3n<\/td><\/tr><tr><td valign=\"top\">Concierto Cornell (2007)<\/td><td valign=\"top\">cuarteto de saxofones, ensamble de vientos, piano, arpa, percusi\u00f3n<\/td><\/tr><tr><td valign=\"top\">Retrato V (2005)\u00a0(adap. del Cuarteto I)<\/td><td valign=\"top\">orquesta de cuerdas<\/td><\/tr><tr><td valign=\"top\">Concierto\u00a0\u201cAmighetti\u00bb<br \/>I. Quasi una passacaglia<br \/>II. M\u00e1scaras<br \/>III. Procesi\u00f3n<br \/>IV. Juegos<\/td><td valign=\"top\">cuerdas, piano, arpa, percusi\u00f3n<\/td><\/tr><tr><td valign=\"top\">Tres piezas para banda (Suite Ausencia | 1998)<\/td><td valign=\"top\">ensamble de vientos, piano, percusi\u00f3n<\/td><\/tr><tr><td valign=\"top\">Concierto para cuerdas\u00a0I \u2013 II \u2013 III<\/td><td valign=\"top\">cuerdas<\/td><\/tr><tr><td valign=\"top\">Cantata\u00a0I \u2013 II \u2013 III \u2013 IV \u2013 V \u2013 VI \u2013 VII<\/td><td valign=\"top\">coro de ni\u00f1os\/voz, orquesta de c\u00e1mara<\/td><\/tr><\/tbody><\/table><\/div>\n\t\t\t\t<\/div>\n\t\t\t\t\t\t\t<div class=\"elementor-accordion-item\">\n\t\t\t\t\t<div id=\"elementor-tab-title-1393\" class=\"elementor-tab-title\" data-tab=\"3\" role=\"button\" aria-controls=\"elementor-tab-content-1393\" aria-expanded=\"false\">\n\t\t\t\t\t\t\t\t\t\t\t\t\t<span class=\"elementor-accordion-icon elementor-accordion-icon-left\" aria-hidden=\"true\">\n\t\t\t\t\t\t\t\t\t\t\t\t\t\t\t<span class=\"elementor-accordion-icon-closed\"><i class=\"fas fa-plus\"><\/i><\/span>\n\t\t\t\t\t\t\t\t<span class=\"elementor-accordion-icon-opened\"><i class=\"fas fa-minus\"><\/i><\/span>\n\t\t\t\t\t\t\t\t\t\t\t\t\t\t<\/span>\n\t\t\t\t\t\t\t\t\t\t\t\t<a class=\"elementor-accordion-title\" tabindex=\"0\">Chamber Music<\/a>\n\t\t\t\t\t<\/div>\n\t\t\t\t\t<div id=\"elementor-tab-content-1393\" class=\"elementor-tab-content elementor-clearfix\" data-tab=\"3\" role=\"region\" aria-labelledby=\"elementor-tab-title-1393\"><table width=\"100%\">\n<tbody>\n<tr>\n<th valign=\"top\" width=\"54%\">TITLE<\/th>\n<th valign=\"top\" width=\"46%\"><\/th>\n<\/tr>\n<tr>\n<td valign=\"top\u201d\">Take-two (canto a dos) (2026)<\/td>\n<td valign=\"top\u201d\u201d\">viol\u00edn y piano<\/td>\n<\/tr>\n<tr>\n<td valign=\"top\u201d\">Una mirada al Guernica II (2025)<\/td>\n<td valign=\"top\u201d\u201d\">flauta\/flaut\u00edn, clarinete (Bb), clarinete bajo, viol\u00edn I, viol\u00edn II, viola, violonchelo, contrabajo, percusi\u00f3n (3): vibr\u00e1fono, marimba, platillo suspendido, platillo de dedo, tri\u00e1ngulo, shekere, caja de madera<\/td>\n<\/tr>\n<tr>\n<td valign=\"top\u201d\">Una mirada al Guernica I (2024)<\/td>\n<td valign=\"top\u201d\u201d\">flauta\/flaut\u00edn, clarinete bajo, acorde\u00f3n, guitarra I, guitarra II, viol\u00edn I, viol\u00edn II, viola, violonchelo, contrabajo, percusi\u00f3n (1): platillo suspendido, platillo de dedo, tri\u00e1ngulo, shekere, caja de madera<\/td>\n<\/tr>\n<tr>\n<td valign=\"top\u201d\">Laberintos I (2023)<\/td>\n<td valign=\"top\u201d\u201d\">tres guitarras, violonchelo y contrabajo<\/td>\n<\/tr>\n<tr>\n<td valign=\"top\u201d\">Soplos I &#8211; II (2022)<\/td>\n<td valign=\"top\u201d\u201d\">cuarteto de saxofones y percusi\u00f3n mixta<\/td>\n<\/tr>\n<tr>\n<td valign=\"top\u201d\">Pregunta al viento (2021, versi\u00f3n II)<\/td>\n<td valign=\"top\u201d\u201d\">dos saxofones soprano, saxof\u00f3n alto y dos saxofones bar\u00edtono<\/td>\n<\/tr>\n<tr>\n<td valign=\"top\u201d\">Pregunta al viento (2021)<\/td>\n<td valign=\"top\u201d\u201d\">dos oboes, corno ingl\u00e9s y dos fagotes<\/td>\n<\/tr>\n<tr>\n<td valign=\"top\u201d\">Tres borgianas para cuarteto de guitarras (2019)<\/td>\n<td valign=\"top\u201d\u201d\">cuarteto de guitarras<\/td>\n<\/tr>\n<tr>\n<td valign=\"top\u201d\">La tarde y la monta\u00f1a (Borges | 2018)<\/td>\n<td valign=\"top\u201d\">clarinete Bb,\u00a0vibr\u00e1fono<\/td>\n<\/tr>\n<tr>\n<td valign=\"top\u201d\">La tarde y la monta\u00f1a (Borges | 2018)<\/td>\n<td valign=\"top\u201d\">saxof\u00f3n soprano \/ clarinete Bb, guitarra<\/td>\n<\/tr>\n<tr>\n<td valign=\"top\u201d\">Los reflejos del tiempo (2017)<\/td>\n<td valign=\"top\u201d\">viol\u00edn, piano<\/td>\n<\/tr>\n<tr>\n<td valign=\"top\">La culebra tiene los ojos de vidrio (2016)<\/td>\n<td valign=\"top\">clarinete requinto (Eb), clarinete bajo (Bb)<\/td>\n<\/tr>\n<tr>\n<td valign=\"top\">Caminos de agua (2013)<\/td>\n<td valign=\"top\">violonchelo, percusi\u00f3n<\/td>\n<\/tr>\n<tr>\n<td valign=\"top\">\u00d3yeme con los ojos<\/td>\n<td valign=\"top\">viola, guitarra<\/td>\n<\/tr>\n<tr>\n<td valign=\"top\">Pr\u00f3logo y ep\u00edlogo para Carmen<\/td>\n<td valign=\"top\">corno ingl\u00e9s o carinete bajo, percusi\u00f3n<\/td>\n<\/tr>\n<tr>\n<td valign=\"top\">Bocetos a Yolanda (2010)<\/td>\n<td valign=\"top\">viol\u00edn, viola, violonchelo, piano<\/td>\n<\/tr>\n<tr>\n<td valign=\"top\">A In\u00e9s<\/td>\n<td valign=\"top\">cuarteto de cuerdas, piano<\/td>\n<\/tr>\n<tr>\n<td valign=\"top\">Cuarteto de cuerdas III \u201cJRM\u201d (2009)<\/td>\n<td valign=\"top\">cuarteto de cuerdas<\/td>\n<\/tr>\n<tr>\n<td valign=\"top\">Texturas (2009)<\/td>\n<td valign=\"top\">ensamble de percusi\u00f3n, bajo el\u00e9ctrico<\/td>\n<\/tr>\n<tr>\n<td valign=\"top\">Tr\u00edo II \u00abLa v\u00edspera\u201d (2009)<\/td>\n<td valign=\"top\">viol\u00edn, violonchelo, piano<\/td>\n<\/tr>\n<tr>\n<td valign=\"top\">In Memorian<\/td>\n<td valign=\"top\">quinteto de maderas, canto (soprano\/contralto), percusi\u00f3n<\/td>\n<\/tr>\n<tr>\n<td valign=\"top\">In Memorian* (adap. por el autor)<\/td>\n<td valign=\"top\">viol\u00edn, violonchelo, piano, canto\u00a0(soprano\/contralto), percusi\u00f3n<\/td>\n<\/tr>\n<tr>\n<td valign=\"top\">Tr\u00edo I (2008)<\/td>\n<td valign=\"top\">viol\u00edn, clarinete\/violonchelo, piano<\/td>\n<\/tr>\n<tr>\n<td valign=\"top\">Cuarteto de cuerdas II (2007)<\/td>\n<td valign=\"top\">cuarteto de cuerdas<\/td>\n<\/tr>\n<tr>\n<td valign=\"top\">Silencio IV (2007)<\/td>\n<td valign=\"top\">viol\u00edn, violonchelo<\/td>\n<\/tr>\n<tr>\n<td valign=\"top\">Retrato VI (2007)<\/td>\n<td valign=\"top\">tr\u00edo\u00a0de clarinetes, piano, contrabajo, percusi\u00f3n<\/td>\n<\/tr>\n<tr>\n<td valign=\"top\">Fragmentos I (2006)<\/td>\n<td valign=\"top\">cuarteto de cuerdas, piano, dos percusionistas<\/td>\n<\/tr>\n<tr>\n<td valign=\"top\">Silencio III<\/td>\n<td valign=\"top\">viol\u00edn, viola, violonchelo, tromb\u00f3n\/corno franc\u00e9s<\/td>\n<\/tr>\n<tr>\n<td valign=\"top\">Silencio II (2006)<\/td>\n<td valign=\"top\">violonchelo, piano<\/td>\n<\/tr>\n<tr>\n<td valign=\"top\">Silencio I (2006)<\/td>\n<td valign=\"top\">viol\u00edn, piano<\/td>\n<\/tr>\n<tr>\n<td valign=\"top\">Retrato III<\/td>\n<td valign=\"top\">cuarteto de fagotes, cembalo<\/td>\n<\/tr>\n<tr>\n<td valign=\"top\">Retrato IV (2005)<\/td>\n<td valign=\"top\">flauta, viol\u00edn, clarinete, violonchelo<\/td>\n<\/tr>\n<tr>\n<td valign=\"top\">Cuarteto de cuerdas I (2005 \u2013 Retrato V)<\/td>\n<td valign=\"top\">cuarteto de cuerdas<\/td>\n<\/tr>\n<tr>\n<td valign=\"top\">Rocinante<\/td>\n<td valign=\"top\">viol\u00edn, piano<\/td>\n<\/tr>\n<tr>\n<td valign=\"top\">Transparencia (2001)<\/td>\n<td valign=\"top\">viola, piano<\/td>\n<\/tr>\n<tr>\n<td valign=\"top\">Cuatro miniaturas (2001)\u00a0I \u2013 II \u2013 III \u2013 IV<\/td>\n<td valign=\"top\">viol\u00edn, piano<\/td>\n<\/tr>\n<tr>\n<td valign=\"top\">Bagatelas\u00a0I \u2013 II \u2013 III<\/td>\n<td valign=\"top\">cuarteto de fagotes<\/td>\n<\/tr>\n<tr>\n<td valign=\"top\">Di\u00e1logos |\u00a0Tema con variaciones<\/td>\n<td valign=\"top\">saxof\u00f3n soprano, percusi\u00f3n mixta<\/td>\n<\/tr>\n<tr>\n<td valign=\"top\">Variaciones<\/td>\n<td valign=\"top\">cuarteto de trombones, percusi\u00f3n<\/td>\n<\/tr>\n<tr>\n<td valign=\"top\">Preludio y fuga<\/td>\n<td valign=\"top\">fagot\/viola, piano<\/td>\n<\/tr>\n<tr>\n<td valign=\"top\">Preludio y danza<\/td>\n<td valign=\"top\">clarinete\/viol\u00edn, contrabajo, piano, percusi\u00f3n<\/td>\n<\/tr>\n<tr>\n<td valign=\"top\">Maderas<\/td>\n<td valign=\"top\">quinteto de maderas,\u00a0percusi\u00f3n<\/td>\n<\/tr>\n<tr>\n<td valign=\"top\">Danza<\/td>\n<td valign=\"top\">cuarteto de marimbas, percusi\u00f3n<\/td>\n<\/tr>\n<\/tbody>\n<\/table><\/div>\n\t\t\t\t<\/div>\n\t\t\t\t\t\t\t<div class=\"elementor-accordion-item\">\n\t\t\t\t\t<div id=\"elementor-tab-title-1394\" class=\"elementor-tab-title\" data-tab=\"4\" role=\"button\" aria-controls=\"elementor-tab-content-1394\" aria-expanded=\"false\">\n\t\t\t\t\t\t\t\t\t\t\t\t\t<span class=\"elementor-accordion-icon elementor-accordion-icon-left\" aria-hidden=\"true\">\n\t\t\t\t\t\t\t\t\t\t\t\t\t\t\t<span class=\"elementor-accordion-icon-closed\"><i class=\"fas fa-plus\"><\/i><\/span>\n\t\t\t\t\t\t\t\t<span class=\"elementor-accordion-icon-opened\"><i class=\"fas fa-minus\"><\/i><\/span>\n\t\t\t\t\t\t\t\t\t\t\t\t\t\t<\/span>\n\t\t\t\t\t\t\t\t\t\t\t\t<a class=\"elementor-accordion-title\" tabindex=\"0\">Single instruments<\/a>\n\t\t\t\t\t<\/div>\n\t\t\t\t\t<div id=\"elementor-tab-content-1394\" class=\"elementor-tab-content elementor-clearfix\" data-tab=\"4\" role=\"region\" aria-labelledby=\"elementor-tab-title-1394\"><table width=\"100%\"><tbody><tr><th valign=\"top\" width=\"54%\">TITLE<\/th><th valign=\"top\" width=\"46%\">INSTRUMENTS<\/th><\/tr><tr><td valign=\"top\">Take-one (2025)<\/td><td valign=\"top\">guitarra<\/td><\/tr><tr><td valign=\"top\">El Rojo Sol (2022)<\/td><td valign=\"top\">saxof\u00f3n bar\u00edtono<\/td><\/tr><tr><td valign=\"top\">Ya he visto la luna llena (2020)<\/td><td valign=\"top\">vibr\u00e1fono<\/td><\/tr><tr><td valign=\"top\">El se\u00f1or ladr\u00f3n\u00a0\u00a0(2020)<\/td><td valign=\"top\">clarinete piccolo (Eb)<\/td><\/tr><tr><td valign=\"top\">Homenaje a Rodrigo (2014)<\/td><td valign=\"top\">guitarra<\/td><\/tr><tr><td valign=\"top\">Fragmentos II (2006)<\/td><td valign=\"top\">guitarra<\/td><\/tr><tr><td valign=\"top\">Preludio e invenci\u00f3n<\/td><td valign=\"top\">viol\u00edn\/viola<\/td><\/tr><\/tbody><\/table><\/div>\n\t\t\t\t<\/div>\n\t\t\t\t\t\t\t<div class=\"elementor-accordion-item\">\n\t\t\t\t\t<div id=\"elementor-tab-title-1395\" class=\"elementor-tab-title\" data-tab=\"5\" role=\"button\" aria-controls=\"elementor-tab-content-1395\" aria-expanded=\"false\">\n\t\t\t\t\t\t\t\t\t\t\t\t\t<span class=\"elementor-accordion-icon elementor-accordion-icon-left\" aria-hidden=\"true\">\n\t\t\t\t\t\t\t\t\t\t\t\t\t\t\t<span class=\"elementor-accordion-icon-closed\"><i class=\"fas fa-plus\"><\/i><\/span>\n\t\t\t\t\t\t\t\t<span class=\"elementor-accordion-icon-opened\"><i class=\"fas fa-minus\"><\/i><\/span>\n\t\t\t\t\t\t\t\t\t\t\t\t\t\t<\/span>\n\t\t\t\t\t\t\t\t\t\t\t\t<a class=\"elementor-accordion-title\" tabindex=\"0\">Single instruments<\/a>\n\t\t\t\t\t<\/div>\n\t\t\t\t\t<div id=\"elementor-tab-content-1395\" class=\"elementor-tab-content elementor-clearfix\" data-tab=\"5\" role=\"region\" aria-labelledby=\"elementor-tab-title-1395\"><table width=\"100%\"><tbody><tr><th valign=\"top\" width=\"54%\">TITLE<\/th><th valign=\"top\" width=\"46%\">INSTRUMENTS<\/th><\/tr><tr><td valign=\"top\">Take-one (2025)<\/td><td valign=\"top\">guitarra<\/td><\/tr><tr><td valign=\"top\">El Rojo Sol (2022)<\/td><td valign=\"top\">saxof\u00f3n bar\u00edtono<\/td><\/tr><tr><td valign=\"top\">Ya he visto la luna llena (2020)<\/td><td valign=\"top\">vibr\u00e1fono<\/td><\/tr><tr><td valign=\"top\">El se\u00f1or ladr\u00f3n\u00a0\u00a0(2020)<\/td><td valign=\"top\">clarinete piccolo (Eb)<\/td><\/tr><tr><td valign=\"top\">Homenaje a Rodrigo (2014)<\/td><td valign=\"top\">guitarra<\/td><\/tr><tr><td valign=\"top\">Fragmentos II (2006)<\/td><td valign=\"top\">guitarra<\/td><\/tr><tr><td valign=\"top\">Preludio e invenci\u00f3n<\/td><td valign=\"top\">viol\u00edn\/viola<\/td><\/tr><\/tbody><\/table><\/div>\n\t\t\t\t<\/div>\n\t\t\t\t\t\t\t<div class=\"elementor-accordion-item\">\n\t\t\t\t\t<div id=\"elementor-tab-title-1396\" class=\"elementor-tab-title\" data-tab=\"6\" role=\"button\" aria-controls=\"elementor-tab-content-1396\" aria-expanded=\"false\">\n\t\t\t\t\t\t\t\t\t\t\t\t\t<span class=\"elementor-accordion-icon elementor-accordion-icon-left\" aria-hidden=\"true\">\n\t\t\t\t\t\t\t\t\t\t\t\t\t\t\t<span class=\"elementor-accordion-icon-closed\"><i class=\"fas fa-plus\"><\/i><\/span>\n\t\t\t\t\t\t\t\t<span class=\"elementor-accordion-icon-opened\"><i class=\"fas fa-minus\"><\/i><\/span>\n\t\t\t\t\t\t\t\t\t\t\t\t\t\t<\/span>\n\t\t\t\t\t\t\t\t\t\t\t\t<a class=\"elementor-accordion-title\" tabindex=\"0\">Piano<\/a>\n\t\t\t\t\t<\/div>\n\t\t\t\t\t<div id=\"elementor-tab-content-1396\" class=\"elementor-tab-content elementor-clearfix\" data-tab=\"6\" role=\"region\" aria-labelledby=\"elementor-tab-title-1396\"><table width=\"100%\"><tbody><tr><th valign=\"top\" width=\"54%\">TITLE<\/th><th valign=\"top\" width=\"46%\">INSTRUMENTS<\/th><\/tr><tr><td valign=\"top\">Troika para mano izquierda (2014)<\/td><td valign=\"top\">I. Sputnik II.\u00a0Stal III.\u00a0Perestroika en D<\/td><\/tr><tr><td valign=\"top\">Ye\u00b4 Sul\u00e9 I (2011)<\/td><td valign=\"top\">\u00a0<\/td><\/tr><tr><td valign=\"top\">Retrato II (2005)<\/td><td valign=\"top\">\u00a0<\/td><\/tr><tr><td valign=\"top\">Dos piezas \u201cAmighetti\u201d (2003)<\/td><td valign=\"top\">I. La ni\u00f1a y el viento II. El ni\u00f1o y la nube<\/td><\/tr><\/tbody><\/table><\/div>\n\t\t\t\t<\/div>\n\t\t\t\t\t\t\t<div class=\"elementor-accordion-item\">\n\t\t\t\t\t<div id=\"elementor-tab-title-1397\" class=\"elementor-tab-title\" data-tab=\"7\" role=\"button\" aria-controls=\"elementor-tab-content-1397\" aria-expanded=\"false\">\n\t\t\t\t\t\t\t\t\t\t\t\t\t<span class=\"elementor-accordion-icon elementor-accordion-icon-left\" aria-hidden=\"true\">\n\t\t\t\t\t\t\t\t\t\t\t\t\t\t\t<span class=\"elementor-accordion-icon-closed\"><i class=\"fas fa-plus\"><\/i><\/span>\n\t\t\t\t\t\t\t\t<span class=\"elementor-accordion-icon-opened\"><i class=\"fas fa-minus\"><\/i><\/span>\n\t\t\t\t\t\t\t\t\t\t\t\t\t\t<\/span>\n\t\t\t\t\t\t\t\t\t\t\t\t<a class=\"elementor-accordion-title\" tabindex=\"0\">Voice | Chorus<\/a>\n\t\t\t\t\t<\/div>\n\t\t\t\t\t<div id=\"elementor-tab-content-1397\" class=\"elementor-tab-content elementor-clearfix\" data-tab=\"7\" role=\"region\" aria-labelledby=\"elementor-tab-title-1397\"><table width=\"100%\"><tbody><tr><th width=\"54%\">TITLE<\/th><th width=\"46%\">INSTRUMENTS<\/th><\/tr><tr><td valign=\"top\u201d\">Canci\u00f3n de la noche (2020)<\/td><td valign=\"top\u201d\">soprano, clarinete bajo (Bb)\u00a0(texto: Jorge Luis Borges)<\/td><\/tr><tr><td valign=\"top\">La canci\u00f3n de la noche en el mar (2016)<\/td><td valign=\"top\">tenor, piano\u00a0(texto: Rub\u00e9n Dar\u00edo)<\/td><\/tr><tr><td valign=\"top\">Ni aqu\u00ed, ni all\u00e1 \u2013 II (2012)<\/td><td valign=\"top\">coro mixto, orquesta de cuerdas, arpa, percusi\u00f3n \u00a0 \u00a0 \u00a0 \u00a0(texto: Marina Tsvet\u00e1yeva)<\/td><\/tr><tr><td valign=\"top\"><a href=\"https:\/\/eddiemora.com\/en\/ni-aqui-ni-alla-i-ficha-tecnica\/\">Ni aqu\u00ed, ni all\u00e1<\/a> \u2013 I\u00a0(2012)<\/td><td valign=\"top\">soprano, ensamble de cuerdas\u00a0(texto: Marina Tsvet\u00e1yeva)<\/td><\/tr><\/tbody><\/table><\/div>\n\t\t\t\t<\/div>\n\t\t\t\t\t\t\t<div class=\"elementor-accordion-item\">\n\t\t\t\t\t<div id=\"elementor-tab-title-1398\" class=\"elementor-tab-title\" data-tab=\"8\" role=\"button\" aria-controls=\"elementor-tab-content-1398\" aria-expanded=\"false\">\n\t\t\t\t\t\t\t\t\t\t\t\t\t<span class=\"elementor-accordion-icon elementor-accordion-icon-left\" aria-hidden=\"true\">\n\t\t\t\t\t\t\t\t\t\t\t\t\t\t\t<span class=\"elementor-accordion-icon-closed\"><i class=\"fas fa-plus\"><\/i><\/span>\n\t\t\t\t\t\t\t\t<span class=\"elementor-accordion-icon-opened\"><i class=\"fas fa-minus\"><\/i><\/span>\n\t\t\t\t\t\t\t\t\t\t\t\t\t\t<\/span>\n\t\t\t\t\t\t\t\t\t\t\t\t<a class=\"elementor-accordion-title\" tabindex=\"0\">Incidental<\/a>\n\t\t\t\t\t<\/div>\n\t\t\t\t\t<div id=\"elementor-tab-content-1398\" class=\"elementor-tab-content elementor-clearfix\" data-tab=\"8\" role=\"region\" aria-labelledby=\"elementor-tab-title-1398\"><table width=\"100%\"><tbody><tr><th valign=\"top\" width=\"54%\">TITLE<\/th><th valign=\"top\" width=\"46%\">INSTRUMENTS<\/th><\/tr><tr><td valign=\"top\">Bosque adentro<\/td><td valign=\"top\">m\u00fasica incidental<\/td><\/tr><tr><td valign=\"top\">Suite \u00abAusencia\u00bb<\/td><td valign=\"top\">ensamble latino, percusi\u00f3n latina, sexteto de maderas<\/td><\/tr><tr><td valign=\"top\">El Combate<\/td><td valign=\"top\">m\u00fasica incidental<\/td><\/tr><tr><td valign=\"top\">b \u2013 a \u2013 c \u2013 h<\/td><td valign=\"top\">viol\u00edn solista, instrumentos pregrabados<\/td><\/tr><tr><td valign=\"top\">Alborada<\/td><td valign=\"top\">viol\u00edn, guitarra, bajo el\u00e9ctrico, piano (sintetizador), percusi\u00f3n<\/td><\/tr><tr><td valign=\"top\">Terceto<\/td><td valign=\"top\">viol\u00edn, guitarra, bajo el\u00e9ctrico, piano (sintetizador), percusi\u00f3n<\/td><\/tr><\/tbody><\/table><\/div>\n\t\t\t\t<\/div>\n\t\t\t\t\t\t\t\t<\/div>\n\t\t\t\t\t\t<\/div>\n\t\t\t\t<\/div>\n\t\t\t\t\t<\/div>\n\t\t<\/div>\n\t\t\t\t\t<\/div>\n\t\t<\/section>\n\t\t\t\t<\/div>","protected":false},"excerpt":{"rendered":"<p>Cat\u00e1logo Ensambles grandes \u00a0 T\u00cdTULO INSTRUMENTOS Luz y penumbra (2026) Orquesta de cuerdas Ecos del Guernica (2025) Orquesta sinf\u00f3nica Una mirada al Guernica II (2025) Ensamble mixto. flauta\/piccolo, clarinete, clarinete bajo, marimba, vibr\u00e1fono, percusi\u00f3n y quinteto de cuerdas Dos piezas guanacastecas (2024) &#8211;Serenata Rom\u00e1ntica (A. Guevara) y Caballito Nicoyano (M. Chac\u00f3n) Voz, percusi\u00f3n (2) y [&hellip;]<\/p>","protected":false},"author":1,"featured_media":0,"parent":0,"menu_order":0,"comment_status":"closed","ping_status":"closed","template":"elementor_header_footer","meta":{"footnotes":""},"class_list":["post-815","page","type-page","status-publish","hentry"],"_links":{"self":[{"href":"https:\/\/eddiemora.com\/en\/wp-json\/wp\/v2\/pages\/815","targetHints":{"allow":["GET"]}}],"collection":[{"href":"https:\/\/eddiemora.com\/en\/wp-json\/wp\/v2\/pages"}],"about":[{"href":"https:\/\/eddiemora.com\/en\/wp-json\/wp\/v2\/types\/page"}],"author":[{"embeddable":true,"href":"https:\/\/eddiemora.com\/en\/wp-json\/wp\/v2\/users\/1"}],"replies":[{"embeddable":true,"href":"https:\/\/eddiemora.com\/en\/wp-json\/wp\/v2\/comments?post=815"}],"version-history":[{"count":313,"href":"https:\/\/eddiemora.com\/en\/wp-json\/wp\/v2\/pages\/815\/revisions"}],"predecessor-version":[{"id":1981,"href":"https:\/\/eddiemora.com\/en\/wp-json\/wp\/v2\/pages\/815\/revisions\/1981"}],"wp:attachment":[{"href":"https:\/\/eddiemora.com\/en\/wp-json\/wp\/v2\/media?parent=815"}],"curies":[{"name":"wp","href":"https:\/\/api.w.org\/{rel}","templated":true}]}}