{"id":718,"date":"2022-01-26T18:49:02","date_gmt":"2022-01-26T18:49:02","guid":{"rendered":"https:\/\/eddiemora.com\/?post_type=publicados-director&#038;p=718"},"modified":"2022-04-17T02:43:16","modified_gmt":"2022-04-17T02:43:16","slug":"musica-de-compositores-costarricenses-vol-ii-osn","status":"publish","type":"publicados-director","link":"https:\/\/eddiemora.com\/en\/director\/musica-de-compositores-costarricenses-vol-ii-osn\/","title":{"rendered":"M\u00daSICA DE COMPOSITORES COSTARRICENSES VOL. II | OSN"},"content":{"rendered":"\n<p>Imagen de portada:&nbsp;<strong>Manuel de la Cruz Gonz\u00e1lez<\/strong>&nbsp;| S\u00edntesis del ocaso (1971)<\/p>\n\n\n\n<hr class=\"wp-block-separator\"\/>\n\n\n\n<h4 class=\"wp-block-heading\" id=\"obras\">Obras<\/h4>\n\n\n\n<p>1 \u2013 3.&nbsp;<strong>Carlos Enrique Vargas<\/strong>&nbsp;|&nbsp;Sinfon\u00eda en mi menor op. 17&nbsp;(1945)<br>I. Allegro en\u00e9rgico II. Adagio &nbsp;III. Allegro Scherzando<br>4.&nbsp;<strong>William Porras<\/strong>&nbsp;| Rapsodia para orquesta&nbsp;(1975)<br>5 \u2013 9.&nbsp;<strong>Carlos Castro<\/strong>&nbsp;| Serenata de la Luna para viola y cuerdas<br>Winnie Berg | viola<br>I. En\u00e9rgico II. Expresivo III. Como un aire popular IV. Dram\u00e1tico y temperamental V.&nbsp;Raps\u00f3dico<br>10.&nbsp;<strong>Alejandro Cardona<\/strong>&nbsp;| Son Meztizo II para orquesta<\/p>\n\n\n\n<hr class=\"wp-block-separator\"\/>\n\n\n\n<h4 class=\"wp-block-heading\" id=\"musicos\">M\u00fasicos<\/h4>\n\n\n\n<p><strong>Orquesta Sinf\u00f3nica Nacional de Costa Rica<\/strong><br><strong>Eddie Mora<\/strong>&nbsp;|&nbsp;Director Residente<br><strong>Winnie Berg&nbsp;<\/strong>| viola<\/p>\n\n\n\n<hr class=\"wp-block-separator\"\/>\n\n\n\n<h4 class=\"wp-block-heading\" id=\"resena\">Rese\u00f1a<\/h4>\n\n\n\n<p><strong>Ekaterina Chatski<\/strong><br><strong>Investigadora UCR<\/strong><\/p>\n\n\n\n<hr class=\"wp-block-separator\"\/>\n\n\n\n<h4 class=\"wp-block-heading\" id=\"produccion\">Producci\u00f3n<\/h4>\n\n\n\n<p>Producci\u00f3n general:&nbsp;<strong>Centro Nacional de la M\u00fasica<\/strong><br>Producci\u00f3n ejecutiva:&nbsp;<strong>Guillermo Madriz<\/strong><br>Producci\u00f3n musical:&nbsp;<strong>Carlos Chaves, Sergio Delgado, Eddie Mora<\/strong><br>Masterizaci\u00f3n:&nbsp;<strong>Will Quinnell (Sterling Sound, New York, USA)<\/strong><br>Dise\u00f1o fotogr\u00e1fico:&nbsp;<strong>Tierra de luci\u00e9rnagas<\/strong><br>Imagen de portada:&nbsp;<strong>Manuel de la Cruz Gonz\u00e1lez<\/strong>&nbsp;| S\u00edntesis del ocaso (1971)<br><strong>2016<\/strong><\/p>\n\n\n\n<hr class=\"wp-block-separator\"\/>\n\n\n\n<h4 class=\"wp-block-heading\" id=\"lugar-de-grabacion\">Lugar de grabaci\u00f3n<\/h4>\n\n\n\n<p>Centro Nacional de la M\u00fasica | 17 \u2013 23 de octubre del 2015<\/p>\n\n\n\n<hr class=\"wp-block-separator\"\/>\n\n\n\n<h4 class=\"wp-block-heading\" id=\"patrocinio\">Patrocinio<\/h4>\n","protected":false},"featured_media":702,"template":"","class_list":["post-718","publicados-director","type-publicados-director","status-publish","has-post-thumbnail","hentry"],"_links":{"self":[{"href":"https:\/\/eddiemora.com\/en\/wp-json\/wp\/v2\/publicados-director\/718","targetHints":{"allow":["GET"]}}],"collection":[{"href":"https:\/\/eddiemora.com\/en\/wp-json\/wp\/v2\/publicados-director"}],"about":[{"href":"https:\/\/eddiemora.com\/en\/wp-json\/wp\/v2\/types\/publicados-director"}],"wp:featuredmedia":[{"embeddable":true,"href":"https:\/\/eddiemora.com\/en\/wp-json\/wp\/v2\/media\/702"}],"wp:attachment":[{"href":"https:\/\/eddiemora.com\/en\/wp-json\/wp\/v2\/media?parent=718"}],"curies":[{"name":"wp","href":"https:\/\/api.w.org\/{rel}","templated":true}]}}